{"id":706,"date":"2024-01-03T18:46:41","date_gmt":"2024-01-03T23:46:41","guid":{"rendered":"https:\/\/junotechno.com\/actualites\/"},"modified":"2025-04-17T16:37:34","modified_gmt":"2025-04-17T20:37:34","slug":"nouvelles","status":"publish","type":"page","link":"https:\/\/junotechno.com\/fr\/nouvelles\/","title":{"rendered":"Nouvelles"},"content":{"rendered":"\t\t<div data-elementor-type=\"wp-page\" data-elementor-id=\"706\" class=\"elementor elementor-706 elementor-680\" data-elementor-post-type=\"page\">\n\t\t\t\t<div class=\"elementor-element elementor-element-5a9891ec e-con-full e-flex e-con e-parent\" data-id=\"5a9891ec\" data-element_type=\"container\" data-e-type=\"container\" data-settings=\"{&quot;background_background&quot;:&quot;classic&quot;}\">\n\t\t\t\t<div class=\"elementor-element elementor-element-1ae8721b elementor-widget elementor-widget-heading\" data-id=\"1ae8721b\" data-element_type=\"widget\" data-e-type=\"widget\" data-widget_type=\"heading.default\">\n\t\t\t\t<div class=\"elementor-widget-container\">\n\t\t\t\t\t<h1 class=\"elementor-heading-title elementor-size-default\">Nouvelles<\/h1>\t\t\t\t<\/div>\n\t\t\t\t<\/div>\n\t\t\t\t<\/div>\n\t\t<div class=\"elementor-element elementor-element-5a967540 e-con-full e-flex e-con e-parent\" data-id=\"5a967540\" data-element_type=\"container\" data-e-type=\"container\" data-settings=\"{&quot;background_background&quot;:&quot;gradient&quot;}\">\n\t\t\t\t<\/div>\n\t\t<div class=\"elementor-element elementor-element-20d097e9 e-con-full e-flex e-con e-parent\" data-id=\"20d097e9\" data-element_type=\"container\" data-e-type=\"container\" data-settings=\"{&quot;background_background&quot;:&quot;classic&quot;}\">\n\t\t\t\t<div class=\"elementor-element elementor-element-41d2adf elementor-widget elementor-widget-text-editor\" data-id=\"41d2adf\" data-element_type=\"widget\" data-e-type=\"widget\" data-widget_type=\"text-editor.default\">\n\t\t\t\t<div class=\"elementor-widget-container\">\n\t\t\t\t\t\t\t\t\t<p>Pour tous les communiqu\u00e9s de presse concernant les prix, les concours et les mises \u00e0 jour de l&#8217;entreprise.<\/p>\n<p>Pour recevoir des informations sur l&#8217;entreprise directement dans votre bo\u00eete aux lettres, faites d\u00e9filer la page pour vous inscrire \u00e0 <a href=\"http:\/\/eepurl.com\/iLiyAg\" target=\"_blank\" rel=\"noopener\">notre lettre d&#8217;information <\/a>! <\/p>\n\t\t\t\t\t\t\t\t<\/div>\n\t\t\t\t<\/div>\n\t\t\t\t<\/div>\n\t\t<div class=\"elementor-element elementor-element-6dcbfe10 e-con-full e-flex e-con e-parent\" data-id=\"6dcbfe10\" data-element_type=\"container\" data-e-type=\"container\" data-settings=\"{&quot;background_background&quot;:&quot;gradient&quot;}\">\n\t\t\t\t<div class=\"elementor-element elementor-element-6eac499c elementor-widget__width-inherit elementor-grid-2 elementor-posts--align-left elementor-grid-tablet-2 elementor-grid-mobile-1 elementor-posts--thumbnail-top elementor-card-shadow-yes elementor-posts__hover-gradient load-more-align-center elementor-widget elementor-widget-posts\" data-id=\"6eac499c\" data-element_type=\"widget\" data-e-type=\"widget\" data-settings=\"{&quot;pagination_type&quot;:&quot;load_more_on_click&quot;,&quot;cards_row_gap&quot;:{&quot;unit&quot;:&quot;px&quot;,&quot;size&quot;:34,&quot;sizes&quot;:[]},&quot;cards_columns&quot;:&quot;2&quot;,&quot;cards_columns_tablet&quot;:&quot;2&quot;,&quot;cards_columns_mobile&quot;:&quot;1&quot;,&quot;cards_row_gap_tablet&quot;:{&quot;unit&quot;:&quot;px&quot;,&quot;size&quot;:&quot;&quot;,&quot;sizes&quot;:[]},&quot;cards_row_gap_mobile&quot;:{&quot;unit&quot;:&quot;px&quot;,&quot;size&quot;:&quot;&quot;,&quot;sizes&quot;:[]},&quot;load_more_spinner&quot;:{&quot;value&quot;:&quot;fas fa-spinner&quot;,&quot;library&quot;:&quot;fa-solid&quot;}}\" data-widget_type=\"posts.cards\">\n\t\t\t\t<div class=\"elementor-widget-container\">\n\t\t\t\t\t\t\t<div class=\"elementor-posts-container elementor-posts elementor-posts--skin-cards elementor-grid\" role=\"list\">\n\t\t\t\t<article class=\"elementor-post elementor-grid-item post-4922 post type-post status-publish format-standard has-post-thumbnail hentry category-actualites-de-lentreprise category-prix-et-reconnaissance\" role=\"listitem\">\n\t\t\t<div class=\"elementor-post__card\">\n\t\t\t\t<a class=\"elementor-post__thumbnail__link\" href=\"https:\/\/junotechno.com\/fr\/nanette-sene-nommee-jeune-entrepreneure-noire-de-lannee\/\" tabindex=\"-1\"><div class=\"elementor-post__thumbnail\"><img fetchpriority=\"high\" decoding=\"async\" width=\"768\" height=\"960\" src=\"https:\/\/junotechno.com\/wp-content\/uploads\/2025\/12\/1761599556030-768x960.jpg\" class=\"elementor-animation-shrink attachment-medium_large size-medium_large wp-image-4856\" alt=\"nanette sene is young black entrepreneur of the year\" srcset=\"https:\/\/junotechno.com\/wp-content\/uploads\/2025\/12\/1761599556030-768x960.jpg 768w, https:\/\/junotechno.com\/wp-content\/uploads\/2025\/12\/1761599556030-240x300.jpg 240w, https:\/\/junotechno.com\/wp-content\/uploads\/2025\/12\/1761599556030-819x1024.jpg 819w, https:\/\/junotechno.com\/wp-content\/uploads\/2025\/12\/1761599556030.jpg 1080w\" sizes=\"(max-width: 768px) 100vw, 768px\" \/><\/div><\/a>\n\t\t\t\t<div class=\"elementor-post__badge\">Actualit\u00e9s de l&#039;entreprise<\/div>\n\t\t\t\t<div class=\"elementor-post__text\">\n\t\t\t\t<h3 class=\"elementor-post__title\">\n\t\t\t<a href=\"https:\/\/junotechno.com\/fr\/nanette-sene-nommee-jeune-entrepreneure-noire-de-lannee\/\">\n\t\t\t\tNanette Sene nomm\u00e9e Jeune entrepreneure noire de l&#8217;ann\u00e9e\t\t\t<\/a>\n\t\t<\/h3>\n\t\t\t\t<div class=\"elementor-post__excerpt\">\n\t\t\t<p>Montr\u00e9al, le 22 octobre 2025 \u2014 Nanette Sene, PDG de la start-up femtech Juno Technologies, bas\u00e9e \u00e0 Montr\u00e9al, a r\u00e9cemment \u00e9t\u00e9 nomm\u00e9e Jeune entrepreneure Noire de l&#8217;Ann\u00e9e du Canada. Le prix lui a \u00e9t\u00e9 remis<\/p>\n\t\t<\/div>\n\t\t\t\t\t<div class=\"elementor-post__read-more-wrapper\">\n\t\t\n\t\t<a class=\"elementor-post__read-more\" href=\"https:\/\/junotechno.com\/fr\/nanette-sene-nommee-jeune-entrepreneure-noire-de-lannee\/\" aria-label=\"En savoir plus sur Nanette Sene nomm\u00e9e Jeune entrepreneure noire de l&#8217;ann\u00e9e\" tabindex=\"-1\">\n\t\t\tLire la suite \u00bb\t\t<\/a>\n\n\t\t\t\t\t<\/div>\n\t\t\t\t<\/div>\n\t\t\t\t<div class=\"elementor-post__meta-data\">\n\t\t\t\t\t<span class=\"elementor-post-date\">\n\t\t\t17 d\u00e9cembre 2025\t\t<\/span>\n\t\t\t\t<\/div>\n\t\t\t\t\t<\/div>\n\t\t<\/article>\n\t\t\t\t<article class=\"elementor-post elementor-grid-item post-4918 post type-post status-publish format-standard has-post-thumbnail hentry category-actualites-de-lentreprise category-prix-et-reconnaissance\" role=\"listitem\">\n\t\t\t<div class=\"elementor-post__card\">\n\t\t\t\t<a class=\"elementor-post__thumbnail__link\" href=\"https:\/\/junotechno.com\/fr\/fbc-a-nomme-la-pdg-de-juno-techno-jeune-entrepreneur-noir-de-2025\/\" tabindex=\"-1\"><div class=\"elementor-post__thumbnail\"><img decoding=\"async\" width=\"768\" height=\"757\" src=\"https:\/\/junotechno.com\/wp-content\/uploads\/2025\/11\/FBC-Gala-138-1-768x757.jpg\" class=\"elementor-animation-shrink attachment-medium_large size-medium_large wp-image-4760\" alt=\"FBC names JUNO CEO black entrepreneur of the year 2025.\" srcset=\"https:\/\/junotechno.com\/wp-content\/uploads\/2025\/11\/FBC-Gala-138-1-768x757.jpg 768w, https:\/\/junotechno.com\/wp-content\/uploads\/2025\/11\/FBC-Gala-138-1-300x296.jpg 300w, https:\/\/junotechno.com\/wp-content\/uploads\/2025\/11\/FBC-Gala-138-1-1024x1009.jpg 1024w, https:\/\/junotechno.com\/wp-content\/uploads\/2025\/11\/FBC-Gala-138-1-1536x1514.jpg 1536w, https:\/\/junotechno.com\/wp-content\/uploads\/2025\/11\/FBC-Gala-138-1-2048x2019.jpg 2048w\" sizes=\"(max-width: 768px) 100vw, 768px\" \/><\/div><\/a>\n\t\t\t\t<div class=\"elementor-post__badge\">Actualit\u00e9s de l&#039;entreprise<\/div>\n\t\t\t\t<div class=\"elementor-post__text\">\n\t\t\t\t<h3 class=\"elementor-post__title\">\n\t\t\t<a href=\"https:\/\/junotechno.com\/fr\/fbc-a-nomme-la-pdg-de-juno-techno-jeune-entrepreneur-noir-de-2025\/\">\n\t\t\t\tFBC a nomm\u00e9 la PDG de Juno Techno \u00ab jeune entrepreneur noir de 2025 \u00bb.\t\t\t<\/a>\n\t\t<\/h3>\n\t\t\t\t<div class=\"elementor-post__excerpt\">\n\t\t\t<p>Montr\u00e9al, le 27 septembre 2025 \u2014 Nanette Sene, PDG de la start-up femtech Juno Technologies, bas\u00e9e \u00e0 Montr\u00e9al, a \u00e9t\u00e9 nomm\u00e9e Jeune Entrepreneure Noire de 2025 par la F\u00e9d\u00e9ration des Noirs du Canada (FBC). Ce<\/p>\n\t\t<\/div>\n\t\t\t\t\t<div class=\"elementor-post__read-more-wrapper\">\n\t\t\n\t\t<a class=\"elementor-post__read-more\" href=\"https:\/\/junotechno.com\/fr\/fbc-a-nomme-la-pdg-de-juno-techno-jeune-entrepreneur-noir-de-2025\/\" aria-label=\"En savoir plus sur FBC a nomm\u00e9 la PDG de Juno Techno \u00ab jeune entrepreneur noir de 2025 \u00bb.\" tabindex=\"-1\">\n\t\t\tLire la suite \u00bb\t\t<\/a>\n\n\t\t\t\t\t<\/div>\n\t\t\t\t<\/div>\n\t\t\t\t<div class=\"elementor-post__meta-data\">\n\t\t\t\t\t<span class=\"elementor-post-date\">\n\t\t\t17 d\u00e9cembre 2025\t\t<\/span>\n\t\t\t\t<\/div>\n\t\t\t\t\t<\/div>\n\t\t<\/article>\n\t\t\t\t<article class=\"elementor-post elementor-grid-item post-4915 post type-post status-publish format-standard hentry category-juno-talks tag-sante-des-femmes\" role=\"listitem\">\n\t\t\t<div class=\"elementor-post__card\">\n\t\t\t\t<div class=\"elementor-post__text\">\n\t\t\t\t<h3 class=\"elementor-post__title\">\n\t\t\t<a href=\"https:\/\/junotechno.com\/fr\/quels-pays-offrent-un-conge-menstruel-remunere\/\">\n\t\t\t\tQuels pays offrent un cong\u00e9 menstruel r\u00e9mun\u00e9r\u00e9 ?\t\t\t<\/a>\n\t\t<\/h3>\n\t\t\t\t<div class=\"elementor-post__excerpt\">\n\t\t\t<p>Saviez-vous que plusieurs pays \u00e0 travers le monde reconnaissent officiellement la sant\u00e9 menstruelle sur le lieu de travail ? Des pays tels que le Japon, l&#8217;Indon\u00e9sie, l&#8217;Espagne, Ta\u00efwan et la Zambie ont mis en place<\/p>\n\t\t<\/div>\n\t\t\t\t\t<div class=\"elementor-post__read-more-wrapper\">\n\t\t\n\t\t<a class=\"elementor-post__read-more\" href=\"https:\/\/junotechno.com\/fr\/quels-pays-offrent-un-conge-menstruel-remunere\/\" aria-label=\"En savoir plus sur Quels pays offrent un cong\u00e9 menstruel r\u00e9mun\u00e9r\u00e9 ?\" tabindex=\"-1\">\n\t\t\tLire la suite \u00bb\t\t<\/a>\n\n\t\t\t\t\t<\/div>\n\t\t\t\t<\/div>\n\t\t\t\t<div class=\"elementor-post__meta-data\">\n\t\t\t\t\t<span class=\"elementor-post-date\">\n\t\t\t15 d\u00e9cembre 2025\t\t<\/span>\n\t\t\t\t<\/div>\n\t\t\t\t\t<\/div>\n\t\t<\/article>\n\t\t\t\t<article class=\"elementor-post elementor-grid-item post-4913 post type-post status-publish format-standard hentry category-juno-talks tag-sante-des-femmes\" role=\"listitem\">\n\t\t\t<div class=\"elementor-post__card\">\n\t\t\t\t<div class=\"elementor-post__text\">\n\t\t\t\t<h3 class=\"elementor-post__title\">\n\t\t\t<a href=\"https:\/\/junotechno.com\/fr\/si-les-femmes-vivent-plus-longtemps-pourquoi-sont-elles-plus-malades\/\">\n\t\t\t\tSi les femmes vivent plus longtemps, pourquoi sont-elles plus malades ?\t\t\t<\/a>\n\t\t<\/h3>\n\t\t\t\t<div class=\"elementor-post__excerpt\">\n\t\t\t<p>Nous le savons tous : en moyenne, les femmes vivent plus longtemps que les hommes. Pourtant, elles passent \u00e9galement 25 % de leur vie en moins bonne sant\u00e9. Ce n&#8217;est pas simplement une question de<\/p>\n\t\t<\/div>\n\t\t\t\t\t<div class=\"elementor-post__read-more-wrapper\">\n\t\t\n\t\t<a class=\"elementor-post__read-more\" href=\"https:\/\/junotechno.com\/fr\/si-les-femmes-vivent-plus-longtemps-pourquoi-sont-elles-plus-malades\/\" aria-label=\"En savoir plus sur Si les femmes vivent plus longtemps, pourquoi sont-elles plus malades ?\" tabindex=\"-1\">\n\t\t\tLire la suite \u00bb\t\t<\/a>\n\n\t\t\t\t\t<\/div>\n\t\t\t\t<\/div>\n\t\t\t\t<div class=\"elementor-post__meta-data\">\n\t\t\t\t\t<span class=\"elementor-post-date\">\n\t\t\t15 d\u00e9cembre 2025\t\t<\/span>\n\t\t\t\t<\/div>\n\t\t\t\t\t<\/div>\n\t\t<\/article>\n\t\t\t\t<article class=\"elementor-post elementor-grid-item post-4911 post type-post status-publish format-standard hentry category-juno-talks tag-sante-des-femmes\" role=\"listitem\">\n\t\t\t<div class=\"elementor-post__card\">\n\t\t\t\t<div class=\"elementor-post__text\">\n\t\t\t\t<h3 class=\"elementor-post__title\">\n\t\t\t<a href=\"https:\/\/junotechno.com\/fr\/pouvez-vous-citer-les-4-phases-du-cycle-menstruel\/\">\n\t\t\t\tPouvez-vous citer les 4 phases du cycle menstruel ?\t\t\t<\/a>\n\t\t<\/h3>\n\t\t\t\t<div class=\"elementor-post__excerpt\">\n\t\t\t<p>Sauriez-vous nommer les quatre phases du cycle menstruel sans chercher sur Internet ? La plupart des gens que nous avons interrog\u00e9s n&#8217;ont pas su r\u00e9pondre. Mais ce n&#8217;est pas grave ! Nous ne sommes pas<\/p>\n\t\t<\/div>\n\t\t\t\t\t<div class=\"elementor-post__read-more-wrapper\">\n\t\t\n\t\t<a class=\"elementor-post__read-more\" href=\"https:\/\/junotechno.com\/fr\/pouvez-vous-citer-les-4-phases-du-cycle-menstruel\/\" aria-label=\"En savoir plus sur Pouvez-vous citer les 4 phases du cycle menstruel ?\" tabindex=\"-1\">\n\t\t\tLire la suite \u00bb\t\t<\/a>\n\n\t\t\t\t\t<\/div>\n\t\t\t\t<\/div>\n\t\t\t\t<div class=\"elementor-post__meta-data\">\n\t\t\t\t\t<span class=\"elementor-post-date\">\n\t\t\t15 d\u00e9cembre 2025\t\t<\/span>\n\t\t\t\t<\/div>\n\t\t\t\t\t<\/div>\n\t\t<\/article>\n\t\t\t\t<article class=\"elementor-post elementor-grid-item post-4909 post type-post status-publish format-standard hentry category-juno-talks tag-sante-des-femmes\" role=\"listitem\">\n\t\t\t<div class=\"elementor-post__card\">\n\t\t\t\t<div class=\"elementor-post__text\">\n\t\t\t\t<h3 class=\"elementor-post__title\">\n\t\t\t<a href=\"https:\/\/junotechno.com\/fr\/quelle-est-la-duree-dun-cycle-menstruel\/\">\n\t\t\t\tQuelle est la dur\u00e9e d&#8217;un cycle menstruel ?\t\t\t<\/a>\n\t\t<\/h3>\n\t\t\t\t<div class=\"elementor-post__excerpt\">\n\t\t\t<p>Lorsque nous avons demand\u00e9 aux passants dans la rue combien de temps durait un cycle menstruel, les r\u00e9ponses \u00e9taient tr\u00e8s vari\u00e9es, ce qui n&#8217;est pas surprenant. Les cycles menstruels sont souvent simplifi\u00e9s \u00e0 l&#8217;extr\u00eame, ce<\/p>\n\t\t<\/div>\n\t\t\t\t\t<div class=\"elementor-post__read-more-wrapper\">\n\t\t\n\t\t<a class=\"elementor-post__read-more\" href=\"https:\/\/junotechno.com\/fr\/quelle-est-la-duree-dun-cycle-menstruel\/\" aria-label=\"En savoir plus sur Quelle est la dur\u00e9e d&#8217;un cycle menstruel ?\" tabindex=\"-1\">\n\t\t\tLire la suite \u00bb\t\t<\/a>\n\n\t\t\t\t\t<\/div>\n\t\t\t\t<\/div>\n\t\t\t\t<div class=\"elementor-post__meta-data\">\n\t\t\t\t\t<span class=\"elementor-post-date\">\n\t\t\t15 d\u00e9cembre 2025\t\t<\/span>\n\t\t\t\t<\/div>\n\t\t\t\t\t<\/div>\n\t\t<\/article>\n\t\t\t\t<\/div>\n\t\t\t\t\t<span class=\"e-load-more-spinner\">\n\t\t\t\t<svg aria-hidden=\"true\" class=\"e-font-icon-svg e-fas-spinner\" viewBox=\"0 0 512 512\" xmlns=\"http:\/\/www.w3.org\/2000\/svg\"><path d=\"M304 48c0 26.51-21.49 48-48 48s-48-21.49-48-48 21.49-48 48-48 48 21.49 48 48zm-48 368c-26.51 0-48 21.49-48 48s21.49 48 48 48 48-21.49 48-48-21.49-48-48-48zm208-208c-26.51 0-48 21.49-48 48s21.49 48 48 48 48-21.49 48-48-21.49-48-48-48zM96 256c0-26.51-21.49-48-48-48S0 229.49 0 256s21.49 48 48 48 48-21.49 48-48zm12.922 99.078c-26.51 0-48 21.49-48 48s21.49 48 48 48 48-21.49 48-48c0-26.509-21.491-48-48-48zm294.156 0c-26.51 0-48 21.49-48 48s21.49 48 48 48 48-21.49 48-48c0-26.509-21.49-48-48-48zM108.922 60.922c-26.51 0-48 21.49-48 48s21.49 48 48 48 48-21.49 48-48-21.491-48-48-48z\"><\/path><\/svg>\t\t\t<\/span>\n\t\t\n\t\t\t\t<div class=\"e-load-more-anchor\" data-page=\"1\" data-max-page=\"13\" data-next-page=\"https:\/\/junotechno.com\/fr\/wp-json\/wp\/v2\/pages\/706\/page\/2\/\"><\/div>\n\t\t\t\t<div class=\"elementor-button-wrapper\">\n\t\t\t<a class=\"elementor-button elementor-size-sm elementor-animation-shrink\" role=\"button\" id=\"View More\">\n\t\t\t\t\t\t<span class=\"elementor-button-content-wrapper\">\n\t\t\t\t\t\t\t\t\t<span class=\"elementor-button-text\">Voir plus<\/span>\n\t\t\t\t\t<\/span>\n\t\t\t\t\t<\/a>\n\t\t<\/div>\n\t\t\t\t<div class=\"e-load-more-message\"><\/div>\n\t\t\t\t\t\t<\/div>\n\t\t\t\t<\/div>\n\t\t\t\t<\/div>\n\t\t<div class=\"elementor-element elementor-element-1a8f9843 elementor-hidden-desktop e-flex e-con-boxed e-con e-parent\" data-id=\"1a8f9843\" data-element_type=\"container\" data-e-type=\"container\">\n\t\t\t\t\t<div class=\"e-con-inner\">\n\t\t\t\t\t<\/div>\n\t\t\t\t<\/div>\n\t\t\t\t<\/div>\n\t\t","protected":false},"excerpt":{"rendered":"<p>Nouvelles Pour tous les communiqu\u00e9s de presse concernant les prix, les concours et les mises \u00e0 jour de l&#8217;entreprise. Pour recevoir des informations sur l&#8217;entreprise directement dans votre bo\u00eete aux lettres, faites d\u00e9filer la page pour vous inscrire \u00e0 notre lettre d&#8217;information !<\/p>\n","protected":false},"author":2,"featured_media":2892,"parent":0,"menu_order":0,"comment_status":"closed","ping_status":"closed","template":"","meta":{"_acf_changed":false,"inline_featured_image":false,"footnotes":""},"folder":[],"class_list":["post-706","page","type-page","status-publish","has-post-thumbnail","hentry"],"acf":[],"_links":{"self":[{"href":"https:\/\/junotechno.com\/fr\/wp-json\/wp\/v2\/pages\/706","targetHints":{"allow":["GET"]}}],"collection":[{"href":"https:\/\/junotechno.com\/fr\/wp-json\/wp\/v2\/pages"}],"about":[{"href":"https:\/\/junotechno.com\/fr\/wp-json\/wp\/v2\/types\/page"}],"author":[{"embeddable":true,"href":"https:\/\/junotechno.com\/fr\/wp-json\/wp\/v2\/users\/2"}],"replies":[{"embeddable":true,"href":"https:\/\/junotechno.com\/fr\/wp-json\/wp\/v2\/comments?post=706"}],"version-history":[{"count":42,"href":"https:\/\/junotechno.com\/fr\/wp-json\/wp\/v2\/pages\/706\/revisions"}],"predecessor-version":[{"id":4158,"href":"https:\/\/junotechno.com\/fr\/wp-json\/wp\/v2\/pages\/706\/revisions\/4158"}],"wp:featuredmedia":[{"embeddable":true,"href":"https:\/\/junotechno.com\/fr\/wp-json\/wp\/v2\/media\/2892"}],"wp:attachment":[{"href":"https:\/\/junotechno.com\/fr\/wp-json\/wp\/v2\/media?parent=706"}],"wp:term":[{"taxonomy":"folder","embeddable":true,"href":"https:\/\/junotechno.com\/fr\/wp-json\/wp\/v2\/folder?post=706"}],"curies":[{"name":"wp","href":"https:\/\/api.w.org\/{rel}","templated":true}]}}